{"id":708,"date":"2022-10-11T17:44:57","date_gmt":"2022-10-11T15:44:57","guid":{"rendered":"https:\/\/wecycle.sanktjoseph.dk\/?page_id=708"},"modified":"2022-10-12T07:06:48","modified_gmt":"2022-10-12T05:06:48","slug":"tekst-til-we-cycle-nummeret","status":"publish","type":"page","link":"https:\/\/wecycle.sanktjoseph.dk\/?page_id=708","title":{"rendered":"Tekst og lyd &#8220;We Cycle&#8221;-sangen"},"content":{"rendered":"\n<figure class=\"wp-block-audio\"><audio controls src=\"https:\/\/wecycle.sanktjoseph.dk\/wp-content\/uploads\/2022\/10\/We-Cycle-320kbps.mp3\"><\/audio><\/figure>\n\n\n\n<figure class=\"wp-block-image size-large\"><img loading=\"lazy\" decoding=\"async\" width=\"1024\" height=\"705\" src=\"https:\/\/wecycle.sanktjoseph.dk\/wp-content\/uploads\/2022\/10\/Skaermbillede-2022-10-12-kl.-07.04.14-1024x705.png\" alt=\"\" class=\"wp-image-715\" srcset=\"https:\/\/wecycle.sanktjoseph.dk\/wp-content\/uploads\/2022\/10\/Skaermbillede-2022-10-12-kl.-07.04.14-1024x705.png 1024w, https:\/\/wecycle.sanktjoseph.dk\/wp-content\/uploads\/2022\/10\/Skaermbillede-2022-10-12-kl.-07.04.14-300x206.png 300w, https:\/\/wecycle.sanktjoseph.dk\/wp-content\/uploads\/2022\/10\/Skaermbillede-2022-10-12-kl.-07.04.14-768x529.png 768w, https:\/\/wecycle.sanktjoseph.dk\/wp-content\/uploads\/2022\/10\/Skaermbillede-2022-10-12-kl.-07.04.14.png 1238w\" sizes=\"auto, (max-width: 1024px) 100vw, 1024px\" \/><figcaption><strong>Foto: Sk\u00e6rmbillede fra Youtube.<\/strong> <em>Kathrine Br\u00f8ndsted har skrevet b\u00e5de tekst og musik til &#8221; We Cycle.&#8221;<\/em><\/figcaption><\/figure>\n\n\n\n<p>A1: En ting kan v\u00e6re fyldt med historie<br>Fyldt med en s\u00e6rlig v\u00e6rdi<br>Som den f\u00f8rste cykel jeg ejede<br>Var magisk og gjorde mig fri<br>Og skoene jeg fik til min f\u00f8dselsdag<br>En dag jeg aldrig glemmer<br>Var verdens hurtigste l\u00f8besko<br>S\u00e5 jeg spurtede fra mine venner<\/p>\n\n\n\n<p>BRO: Historien beh\u00f8ver ikke at slutte hos mig<br>N\u00e5r jeg har brugt det bedste jeg har<br>Gir\u2019 jeg det bedste videre til dig<\/p>\n\n\n\n<p>OMK.:<br>U CYCLE \u2013 WE CYCLE \u2013 RECYCLE<br>OVER AND OVER AGAIN<br>X 2<\/p>\n\n\n\n<p>A2: Nogen sir det ikke er vigtigt<br>At en lille gerning intet g\u00f8r<br>Men vi vil gerne hj\u00e6lpe verden<br>Vi vil gerne og vi t\u00f8r<br>S\u00e5 hver eneste dag vil vi v\u00e6lge<br>At g\u00f8re det vi kan i dag<br>Og tro p\u00e5 at vi ikk\u2019 er alene<br>I kampen for klodens sag<\/p>\n\n\n\n<p>BRO: Historien kan vokse vidre h\u00f8r vores h\u00e5b<\/p>\n\n\n\n<p>Alle gi\u2019r det bedste, de har,<br>Og synger med p\u00e5 ISJs r\u00e5b:<\/p>\n\n\n\n<p>OMK.:<br>U CYCLE \u2013 WE CYCLE \u2013 RECYCLE<br>OVER AND OVER AGAIN<br>X 4<\/p>\n\n\n\n<p>C: Det starter i det sm\u00e5<br>Det f\u00f8les m\u00e5ske som en lille \u00e5<br>Men husk at vores rod<br>Kan blive til den st\u00f8rste genbrugsflod<\/p>\n\n\n\n<p>OMK.:<br>U CYCLE \u2013 WE CYCLE \u2013 RECYCLE<br>OVER AND OVER AGAIN<br>X mange gange<\/p>\n","protected":false},"excerpt":{"rendered":"<p>A1: En ting kan v\u00e6re fyldt med historieFyldt med en s\u00e6rlig v\u00e6rdiSom den f\u00f8rste cykel jeg ejedeVar magisk og gjorde mig friOg skoene jeg fik til min f\u00f8dselsdagEn dag jeg aldrig glemmerVar verdens hurtigste l\u00f8beskoS\u00e5 jeg spurtede fra mine venner BRO: Historien beh\u00f8ver ikke at slutte hos migN\u00e5r jeg har brugt det bedste jeg harGir\u2019 [&hellip;]<\/p>\n","protected":false},"author":27,"featured_media":0,"parent":0,"menu_order":0,"comment_status":"closed","ping_status":"closed","template":"","meta":{"footnotes":""},"class_list":["post-708","page","type-page","status-publish","hentry"],"_links":{"self":[{"href":"https:\/\/wecycle.sanktjoseph.dk\/index.php?rest_route=\/wp\/v2\/pages\/708","targetHints":{"allow":["GET"]}}],"collection":[{"href":"https:\/\/wecycle.sanktjoseph.dk\/index.php?rest_route=\/wp\/v2\/pages"}],"about":[{"href":"https:\/\/wecycle.sanktjoseph.dk\/index.php?rest_route=\/wp\/v2\/types\/page"}],"author":[{"embeddable":true,"href":"https:\/\/wecycle.sanktjoseph.dk\/index.php?rest_route=\/wp\/v2\/users\/27"}],"replies":[{"embeddable":true,"href":"https:\/\/wecycle.sanktjoseph.dk\/index.php?rest_route=%2Fwp%2Fv2%2Fcomments&post=708"}],"version-history":[{"count":3,"href":"https:\/\/wecycle.sanktjoseph.dk\/index.php?rest_route=\/wp\/v2\/pages\/708\/revisions"}],"predecessor-version":[{"id":717,"href":"https:\/\/wecycle.sanktjoseph.dk\/index.php?rest_route=\/wp\/v2\/pages\/708\/revisions\/717"}],"wp:attachment":[{"href":"https:\/\/wecycle.sanktjoseph.dk\/index.php?rest_route=%2Fwp%2Fv2%2Fmedia&parent=708"}],"curies":[{"name":"wp","href":"https:\/\/api.w.org\/{rel}","templated":true}]}}